{"id":78,"date":"2026-03-15T12:23:59","date_gmt":"2026-03-15T12:23:59","guid":{"rendered":"https:\/\/www.main-reim.de\/html\/mr26\/?page_id=78"},"modified":"2026-04-07T10:27:58","modified_gmt":"2026-04-07T10:27:58","slug":"main-reim","status":"publish","type":"page","link":"https:\/\/www.main-reim.de\/html\/mr26\/?page_id=78","title":{"rendered":"Main-Reim"},"content":{"rendered":"\n<h2 class=\"wp-block-heading\">Profil und Ziele<\/h2>\n\n\n\n<ul class=\"wp-block-list\">\n<li><strong>Gr\u00fcndung:<\/strong> Der Verein wurde im Jahr 2004 gegr\u00fcndet <\/li>\n\n\n\n<li><strong>Leitmotiv:<\/strong> Unter dem Motto \u201eGut gegen Sprachlosigkeit\u201c begreift der Verein Poesie als Teil der allt\u00e4glichen Lebenswirklichkeit.<\/li>\n\n\n\n<li><strong>Zweck:<\/strong> F\u00f6rderung der Literatur und Dichtung in der Region Untermain (Landkreise Aschaffenburg, Miltenberg und die Stadt Aschaffenburg). Er vernetzt Autoren, Verlage und Literaturbegeisterte.<\/li>\n<\/ul>\n\n\n\n<h2 class=\"wp-block-heading\">Wichtige Aktivit\u00e4ten<\/h2>\n\n\n\n<ul class=\"wp-block-list\">\n<li><strong>Aschaffenburger Buchmesse im Schloss:<\/strong> Der Verein ist der Veranstalter dieser regionalen Buchmesse, die alle zwei Jahre im Schloss Johannisburg stattfindet. Die 5. Auflage fand  am 16. November 2024 statt. Die 6. Auflage ist f\u00fcr den 14.11.26 geplant<\/li>\n\n\n\n<li><strong>Lyrikwettbewerbe:<\/strong> Regelm\u00e4\u00dfig schreibt der Verein landesweite (oder sogar dar\u00fcber hinausgehende) Wettbewerbe zu bestimmten Themen aus.\n<ul class=\"wp-block-list\">\n<li><em>Aktuell\/Zuletzt:<\/em> Der Wettbewerb 2024 stand unter dem Thema <strong>\u201eTeufelskanzel\u201c<\/strong>. Fr\u00fchere Themen waren unter anderem \u201eEcho\u201c (2020) oder \u201eAlles im Fluss am Main\u201c.<\/li>\n<\/ul>\n<\/li>\n\n\n\n<li><strong>Veranstaltungen:<\/strong> Neben der Messe organisiert der Verein Lesungen (z. B. in der Kochsm\u00fchle Obernburg), Lyrik-Workshops in Schulen und ist oft bei der Aschaffenburger Museumsnacht mit \u201eLyrik-Quickies\u201c vertreten<\/li>\n<\/ul>\n","protected":false},"excerpt":{"rendered":"<p>Profil und Ziele Wichtige Aktivit\u00e4ten<\/p>\n","protected":false},"author":1,"featured_media":0,"parent":0,"menu_order":5,"comment_status":"closed","ping_status":"closed","template":"","meta":{"footnotes":""},"class_list":["post-78","page","type-page","status-publish","hentry"],"_links":{"self":[{"href":"https:\/\/www.main-reim.de\/html\/mr26\/index.php?rest_route=\/wp\/v2\/pages\/78","targetHints":{"allow":["GET"]}}],"collection":[{"href":"https:\/\/www.main-reim.de\/html\/mr26\/index.php?rest_route=\/wp\/v2\/pages"}],"about":[{"href":"https:\/\/www.main-reim.de\/html\/mr26\/index.php?rest_route=\/wp\/v2\/types\/page"}],"author":[{"embeddable":true,"href":"https:\/\/www.main-reim.de\/html\/mr26\/index.php?rest_route=\/wp\/v2\/users\/1"}],"replies":[{"embeddable":true,"href":"https:\/\/www.main-reim.de\/html\/mr26\/index.php?rest_route=%2Fwp%2Fv2%2Fcomments&post=78"}],"version-history":[{"count":4,"href":"https:\/\/www.main-reim.de\/html\/mr26\/index.php?rest_route=\/wp\/v2\/pages\/78\/revisions"}],"predecessor-version":[{"id":145,"href":"https:\/\/www.main-reim.de\/html\/mr26\/index.php?rest_route=\/wp\/v2\/pages\/78\/revisions\/145"}],"wp:attachment":[{"href":"https:\/\/www.main-reim.de\/html\/mr26\/index.php?rest_route=%2Fwp%2Fv2%2Fmedia&parent=78"}],"curies":[{"name":"wp","href":"https:\/\/api.w.org\/{rel}","templated":true}]}}